{"id":3,"date":"2020-06-23T15:31:00","date_gmt":"2020-06-23T13:31:00","guid":{"rendered":"http:\/\/www.ggdecorartist.com\/?page_id=3"},"modified":"2020-09-25T18:57:46","modified_gmt":"2020-09-25T16:57:46","slug":"privacy-policy","status":"publish","type":"page","link":"http:\/\/www.ggdecorartist.com\/en\/privacy-policy\/","title":{"rendered":"Privacy Policy"},"content":{"rendered":"<h2 class=\"wp-block-heading\"><strong>About me<\/strong><\/h2>\n\n\n\n<p>L\u2019indirizzo del mio sito web \u00e8: <a href=\"https:\/\/www.ggdecorartist.com\/en\/\" rel=\"nofollow\" class=\"rank-math-link\">https:\/\/www.ggdecorartist.com\/<\/a>.<\/p>\n\n\n\n<h2 class=\"wp-block-heading\"><strong>Titolare del Trattamento dei Dati<\/strong><\/h2>\n\n\n\n<p>Giulia Gubernati \u2013 Torino, Italia.<\/p>\n\n\n\n<p><strong>Indirizzo email del Titolare:<\/strong> giuliagubernati@gmail.com<\/p>\n\n\n\n<p>Per qualsiasi chiarimento, informazione, esercizio dei diritti elencati nella presente informativa, contattare il titolare alla seguente mail:<strong> giuliagubernati@gmail.com<\/strong><\/p>\n\n\n\n<h2 class=\"wp-block-heading\"><strong>Quali dati personali raccogliamo e perch\u00e9 li raccogliamo<\/strong><\/h2>\n\n\n\n<p>Fra i Dati Personali raccolti da questo Sito Web, in modo autonomo o tramite terze parti, ci sono: Cookie, Dati di utilizzo, nome, cognome, email, numero di cellulare.<\/p>\n\n\n\n<p>Dettagli completi su ciascuna tipologia di dati raccolti sono forniti nelle sezioni dedicate di questa privacy policy o mediante specifici testi informativi visualizzati prima della raccolta dei dati stessi.<br>I Dati Personali possono essere liberamente forniti dall\u2019Utente o, nel caso di Dati di Utilizzo, raccolti automaticamente durante l\u2019uso di questo Sito Web.<\/p>\n\n\n\n<p>Se non diversamente specificato, tutti i Dati richiesti da questo Sito Web sono obbligatori. Se l\u2019Utente rifiuta di comunicarli, potrebbe essere impossibile per questo Sito Web fornire il Servizio.<\/p>\n\n\n\n<p>Nei casi in cui questo Sito Web indichi alcuni Dati come facoltativi, gli Utenti sono liberi di astenersi dal comunicare tali Dati, senza che ci\u00f2 abbia alcuna conseguenza sulla disponibilit\u00e0 del Servizio o sulla sua operativit\u00e0.<\/p>\n\n\n\n<p>Gli Utenti che dovessero avere dubbi su quali Dati siano obbligatori, sono incoraggiati a contattare il Titolare.<\/p>\n\n\n\n<p>L\u2019eventuale utilizzo di Cookie \u2013 o di altri strumenti di tracciamento \u2013 da parte di questo Sito Web o dei titolari dei servizi terzi utilizzati da questo Sito Web, ove non diversamente precisato, ha la finalit\u00e0 di fornire il Servizio richiesto dall\u2019Utente, oltre alle ulteriori finalit\u00e0 descritte nel presente documento e nella Cookie Policy, se disponibile.<\/p>\n\n\n\n<p>L\u2019Utente si assume la responsabilit\u00e0 dei Dati Personali di terzi ottenuti, pubblicati o condivisi mediante questo Sito Web e garantisce di avere il diritto di comunicarli o diffonderli, liberando il Titolare da qualsiasi responsabilit\u00e0 verso terzi.<\/p>\n\n\n\n<h3 class=\"wp-block-heading\"><strong>Statistica<\/strong><\/h3>\n\n\n\n<p>I servizi contenuti nella presente sezione permettono al Titolare del Trattamento di monitorare e analizzare i dati di traffico e servono a tener traccia del comportamento dell\u2019Utente.<\/p>\n\n\n\n<h4 class=\"wp-block-heading\"><strong>Google Analytics (Google Inc.)<\/strong><\/h4>\n\n\n\n<p>Google Analytics \u00e8 un servizio di analisi web fornito da Google Inc. (\u201cGoogle\u201d). Google utilizza i Dati Personali, raccolti in forma anonima su questo sito, allo scopo di tracciare ed esaminare l\u2019utilizzo di questo Sito Web, compilare report e condividerli con gli altri servizi sviluppati da Google.<\/p>\n\n\n\n<p>Google potrebbe utilizzare i Dati Personali, raccolti in modo anonima su questo sito, per contestualizzare e personalizzare gli annunci del proprio network pubblicitario.<\/p>\n\n\n\n<p>Dati Personali raccolti: Cookie e Dati di utilizzo.<\/p>\n\n\n\n<p>Luogo del trattamento: USA \u2013 <a href=\"https:\/\/www.google.com\/intl\/it\/policies\/privacy\/\" target=\"_blank\" rel=\"noopener\">Privacy Policy<\/a> \u2013 <a href=\"https:\/\/tools.google.com\/dlpage\/gaoptout?hl=it\" target=\"_blank\" rel=\"noopener\">Opt Out<\/a>.<\/p>\n\n\n\n<h2 class=\"wp-block-heading\"><strong>Modalit\u00e0 e luogo del trattamento dei Dati raccolti<\/strong><\/h2>\n\n\n\n<h3 class=\"wp-block-heading\"><strong>Modalit\u00e0 di trattamento<\/strong><\/h3>\n\n\n\n<p>Il Titolare adotta le opportune misure di sicurezza volte ad impedire l\u2019accesso, la divulgazione, la modifica o la distruzione non autorizzate dei Dati Personali.<\/p>\n\n\n\n<p>Il trattamento viene effettuato mediante strumenti informatici e\/o telematici, con modalit\u00e0 organizzative e con logiche strettamente correlate alle finalit\u00e0 indicate. Oltre al Titolare, in alcuni casi, potrebbero avere accesso ai Dati altri soggetti coinvolti nell\u2019organizzazione di questo Sito Web (personale amministrativo, commerciale, marketing, legali, amministratori di sistema) ovvero soggetti esterni (come fornitori di servizi tecnici terzi, corrieri postali, hosting provider, societ\u00e0 informatiche, agenzie di comunicazione) nominati anche, se necessario, Responsabili del Trattamento da parte del Titolare. L\u2019elenco aggiornato dei Responsabili potr\u00e0 sempre essere richiesto al Titolare del Trattamento.<\/p>\n\n\n\n<h3 class=\"wp-block-heading\"><strong>Base giuridica del trattamento<\/strong><\/h3>\n\n\n\n<p>Il Titolare tratta Dati Personali relativi all\u2019Utente in caso sussista una delle seguenti condizioni:<\/p>\n\n\n\n<ul class=\"wp-block-list\"><li>l\u2019Utente ha prestato il consenso per una o pi\u00f9 finalit\u00e0 specifiche; Nota: in alcuni ordinamenti il Titolare pu\u00f2 essere autorizzato a trattare Dati Personali senza che debba sussistere il consenso dell\u2019Utente o un\u2019altra delle basi giuridiche specificate di seguito, fino a quando l\u2019Utente non si opponga (\u201copt-out\u201d) a tale trattamento. Ci\u00f2 non \u00e8 tuttavia applicabile qualora il trattamento di Dati Personali sia regolato dalla legislazione europea in materia di protezione dei Dati Personali;<\/li><li>il trattamento \u00e8 necessario all\u2019esecuzione di un contratto con l\u2019Utente e\/o all\u2019esecuzione di misure precontrattuali;<\/li><li>il trattamento \u00e8 necessario per adempiere un obbligo legale al quale \u00e8 soggetto il Titolare;<\/li><li>il trattamento \u00e8 necessario per l\u2019esecuzione di un compito di interesse pubblico o per l\u2019esercizio di pubblici poteri di cui \u00e8 investito il Titolare;<\/li><li>il trattamento \u00e8 necessario per il perseguimento del legittimo interesse del Titolare o di terzi.<\/li><\/ul>\n\n\n\n<p>\u00c8 comunque sempre possibile richiedere al Titolare di chiarire la concreta base giuridica di ciascun trattamento ed in particolare di specificare se il trattamento sia basato sulla legge, previsto da un contratto o necessario per concludere un contratto.<\/p>\n\n\n\n<h3 class=\"wp-block-heading\"><strong>Luogo<\/strong><\/h3>\n\n\n\n<p>I Dati sono trattati presso le sedi operative del Titolare ed in ogni altro luogo in cui le parti coinvolte nel trattamento siano localizzate. Per ulteriori informazioni, contatta il Titolare.<\/p>\n\n\n\n<p>I Dati Personali dell\u2019Utente potrebbero essere trasferiti in un paese diverso da quello in cui l\u2019Utente si trova. Per ottenere ulteriori informazioni sul luogo del trattamento l\u2019Utente pu\u00f2 fare riferimento alla sezione relativa ai dettagli sul trattamento dei Dati Personali.<\/p>\n\n\n\n<p>L\u2019Utente ha diritto a ottenere informazioni in merito alla base giuridica del trasferimento di Dati al di fuori dell\u2019Unione Europea o ad un\u2019organizzazione internazionale di diritto internazionale pubblico o costituita da due o pi\u00f9 paesi, come ad esempio l\u2019ONU, nonch\u00e9 in merito alle misure di sicurezza adottate dal Titolare per proteggere i Dati.<\/p>\n\n\n\n<p>Qualora abbia luogo uno dei trasferimenti appena descritti, l\u2019Utente pu\u00f2 fare riferimento alle rispettive sezioni di questo documento o chiedere informazioni al Titolare contattandolo agli estremi riportati in apertura.<\/p>\n\n\n\n<h3 class=\"wp-block-heading\"><strong>Periodo di conservazione<\/strong><\/h3>\n\n\n\n<p>I Dati sono trattati e conservati per il tempo richiesto dalle finalit\u00e0 per le quali sono stati raccolti.<\/p>\n\n\n\n<p>Pertanto:<\/p>\n\n\n\n<ul class=\"wp-block-list\"><li>I Dati Personali raccolti per scopi collegati all\u2019esecuzione di un contratto tra il Titolare e l\u2019Utente saranno trattenuti sino a quando sia completata l\u2019esecuzione di tale contratto.<\/li><li>I Dati Personali raccolti per finalit\u00e0 riconducibili all\u2019interesse legittimo del Titolare saranno trattenuti sino al soddisfacimento di tale interesse. L\u2019Utente pu\u00f2 ottenere ulteriori informazioni in merito all\u2019interesse legittimo perseguito dal Titolare nelle relative sezioni di questo documento o contattando il Titolare.<\/li><\/ul>\n\n\n\n<p>Quando il trattamento \u00e8 basato sul consenso dell\u2019Utente, il Titolare pu\u00f2 conservare i Dati Personali pi\u00f9 a lungo sino a quando detto consenso non venga revocato. Inoltre il Titolare potrebbe essere obbligato a conservare i Dati Personali per un periodo pi\u00f9 lungo in ottemperanza ad un obbligo di legge o per ordine di un\u2019autorit\u00e0.<\/p>\n\n\n\n<p>Al termine del periodo di conservazioni i Dati Personali saranno cancellati. Pertanto, allo spirare di tale termine il diritto di accesso, cancellazione, rettificazione ed il diritto alla portabilit\u00e0 dei Dati non potranno pi\u00f9 essere esercitati.<\/p>\n\n\n\n<h2 class=\"wp-block-heading\"><strong>Finalit\u00e0 del Trattamento dei Dati raccolti<\/strong><\/h2>\n\n\n\n<p>I Dati dell\u2019Utente sono raccolti per consentire al Titolare di fornire i propri Servizi, cos\u00ec come per le seguenti finalit\u00e0: Statistica, Contattare l\u2019Utente, Commento dei contenuti, Visualizzazione di contenuti da piattaforme esterne, Interazione con social network e piattaforme esterne, Protezione dallo SPAM, Gestione dei database di Utenti e Interazione con le piattaforme di live chat.<\/p>\n\n\n\n<p>Per ottenere ulteriori informazioni dettagliate sulle finalit\u00e0 del trattamento e sui Dati Personali concretamente rilevanti per ciascuna finalit\u00e0, l\u2019Utente pu\u00f2 fare riferimento alle relative sezioni di questo documento.<\/p>\n\n\n\n<h2 class=\"wp-block-heading\"><strong>Dettagli sul trattamento dei Dati Personali<\/strong><\/h2>\n\n\n\n<p>I Dati Personali sono raccolti per le seguenti finalit\u00e0 ed utilizzando i seguenti servizi:<\/p>\n\n\n\n<h3 class=\"wp-block-heading\"><strong>Modulo di contatto (questo sito web)<\/strong><\/h3>\n\n\n\n<p>L\u2019Utente, compilando con i propri Dati il modulo di contatto, acconsente al loro utilizzo per rispondere alle richieste di informazioni, di preventivo, o di qualunque altra natura indicata dall\u2019intestazione del modulo.<\/p>\n\n\n\n<p>Dati Personali raccolti: nome e cognome, recapito telefonico, mail.<\/p>\n\n\n\n<h3 class=\"wp-block-heading\"><strong>Contenuto incorporato da altri siti web<\/strong><\/h3>\n\n\n\n<p>Gli articoli su questo sito possono includere contenuti incorporati (ad esempio video, immagini, articoli, ecc.). I contenuti incorporati da altri siti web si comportano esattamente allo stesso modo come se il visitatore avesse visitato l\u2019altro sito web.<\/p>\n\n\n\n<p>Questi siti web possono raccogliere dati su di te, usare cookie, integrare ulteriori tracciamenti di terze parti e monitorare l\u2019interazione con quel contenuto incorporato, incluso il tracciamento della tua interazione con il contenuto incorporato se hai un account e hai effettuato l\u2019accesso a quel sito web.<\/p>\n\n\n\n<h4 class=\"wp-block-heading\"><strong>Feed Instagram e widget sociali (Facebook, Inc.)<\/strong><\/h4>\n\n\n\n<p>Il feed Instagram e i suoi widget sociali sono di propriet\u00e0 di Facebook, forniti da Facebook, Inc.<\/p>\n\n\n\n<p>Dati Personali raccolti: Cookie e Dati di utilizzo.<\/p>\n\n\n\n<p>Luogo del trattamento: USA \u2013 <a href=\"https:\/\/help.instagram.com\/519522125107875\" target=\"_blank\" rel=\"noopener\">Privacy Policy<\/a>.<\/p>\n\n\n\n<h4 class=\"wp-block-heading\"><strong>Google Fonts (Google Inc.)<\/strong><\/h4>\n\n\n\n<p>Google Fonts \u00e8 un servizio di visualizzazione di stili di carattere gestito da Google Inc. che permette a questo Sito Web di integrare tali contenuti all\u2019interno delle proprie pagine.<\/p>\n\n\n\n<p>Dati Personali raccolti: Dati di utilizzo e varie tipologie di Dati secondo quanto specificato dalla privacy policy del servizio.<\/p>\n\n\n\n<p>Luogo del trattamento: USA \u2013 <a href=\"https:\/\/www.google.it\/intl\/policies\/privacy\/\" target=\"_blank\" rel=\"noopener\">Privacy Policy<\/a>.<\/p>\n\n\n\n<h2 class=\"wp-block-heading\"><strong>Quali diritti hai sui tuoi dati<\/strong><\/h2>\n\n\n\n<p>Gli Utenti possono esercitare determinati diritti con riferimento ai Dati trattati dal Titolare.<\/p>\n\n\n\n<p>In particolare, l\u2019Utente ha il diritto di:<\/p>\n\n\n\n<ul class=\"wp-block-list\"><li><strong>revocare il consenso in ogni momento.<\/strong> L\u2019Utente pu\u00f2 revocare il consenso al trattamento dei propri Dati Personali precedentemente espresso.<\/li><li><strong>opporsi al trattamento dei propri Dati.<\/strong> L\u2019Utente pu\u00f2 opporsi al trattamento dei propri Dati quando esso avviene su una base giuridica diversa dal consenso. Ulteriori dettagli sul diritto di opposizione sono indicati nella sezione sottostante.<\/li><li><strong>accedere ai propri Dati.<\/strong> L\u2019Utente ha diritto ad ottenere informazioni sui Dati trattati dal Titolare, su determinati aspetti del trattamento ed a ricevere una copia dei Dati trattati.<\/li><li><strong>verificare e chiedere la rettificazione.<\/strong> L\u2019Utente pu\u00f2 verificare la correttezza dei propri Dati e richiederne l\u2019aggiornamento o la correzione.<\/li><li><strong>ottenere la limitazione del trattamento.<\/strong> Quando ricorrono determinate condizioni, l\u2019Utente pu\u00f2 richiedere la limitazione del trattamento dei propri Dati. In tal caso il Titolare non tratter\u00e0 i Dati per alcun altro scopo se non la loro conservazione.<\/li><li><strong>ottenere la cancellazione o rimozione dei propri Dati Personali.<\/strong> Quando ricorrono determinate condizioni, l\u2019Utente pu\u00f2 richiedere la cancellazione dei propri Dati da parte del Titolare.<\/li><li><strong>ricevere i propri Dati o farli trasferire ad altro titolare.<\/strong> L\u2019Utente ha diritto di ricevere i propri Dati in formato strutturato, di uso comune e leggibile da dispositivo automatico e, ove tecnicamente fattibile, di ottenerne il trasferimento senza ostacoli a un altro titolare. Questa disposizione \u00e8 applicabile quando i Dati sono trattati con strumenti automatizzati ed il trattamento \u00e8 basato sul consenso dell\u2019Utente, su un contratto di cui l\u2019Utente \u00e8 parte o su misure contrattuali ad esso connesse.<\/li><li><strong>proporre reclamo.<\/strong> L\u2019Utente pu\u00f2 proporre un reclamo all\u2019autorit\u00e0 di controllo della protezione dei dati personali competente o agire in sede giudiziale.<\/li><\/ul>\n\n\n\n<h3 class=\"wp-block-heading\"><strong>Come esercitare i diritti<\/strong><\/h3>\n\n\n\n<p>Per esercitare i diritti dell\u2019Utente, gli Utenti possono indirizzare una richiesta agli estremi di contatto del Titolare indicati in questo documento. Le richieste sono depositate a titolo gratuito e evase dal Titolare nel pi\u00f9 breve tempo possibile, in ogni caso entro un mese.<\/p>\n\n\n\n<h2 class=\"wp-block-heading\"><strong>Dove spediamo i tuoi dati<\/strong><\/h2>\n\n\n\n<p>I commenti dei visitatori possono essere controllati attraverso un servizio di rilevamento automatico dello spam.<\/p>\n\n\n\n<h2 class=\"wp-block-heading\"><strong>Informazioni aggiuntive<\/strong><\/h2>\n\n\n\n<h3 class=\"wp-block-heading\"><strong>Come proteggiamo i tuoi dati<\/strong><\/h3>\n\n\n\n<h3 class=\"wp-block-heading\"><strong>Protezione dallo SPAM<\/strong><\/h3>\n\n\n\n<p>Questo tipo di servizi analizza il traffico di questo Sito Web, potenzialmente contenente Dati Personali degli Utenti, al fine di filtrarlo da parti di traffico, messaggi e contenuti riconosciuti come SPAM.<\/p>\n\n\n\n<h2 class=\"wp-block-heading\"><strong>Ulteriori informazioni sul trattamento<\/strong><\/h2>\n\n\n\n<h3 class=\"wp-block-heading\"><strong>Difesa in giudizio<\/strong><\/h3>\n\n\n\n<p>I Dati Personali dell\u2019Utente possono essere utilizzati da parte del Titolare in giudizio o nelle fasi preparatorie alla sua eventuale instaurazione per la difesa da abusi nell\u2019utilizzo di questo Sito Web o dei Servizi connessi da parte dell\u2019Utente.<\/p>\n\n\n\n<p>L\u2019Utente dichiara di essere consapevole che il Titolare potrebbe essere obbligato a rivelare i Dati per ordine delle autorit\u00e0 pubbliche.<\/p>\n\n\n\n<h3 class=\"wp-block-heading\"><strong>Informative specifiche<\/strong><\/h3>\n\n\n\n<p>Su richiesta dell\u2019Utente, in aggiunta alle informazioni contenute in questa privacy policy, questo Sito Web potrebbe fornire all\u2019Utente delle informative aggiuntive e contestuali riguardanti Servizi specifici, o la raccolta ed il trattamento di Dati Personali.<\/p>\n\n\n\n<h3 class=\"wp-block-heading\"><strong>Log di sistema e manutenzione<\/strong><\/h3>\n\n\n\n<p>Per necessit\u00e0 legate al funzionamento ed alla manutenzione, questo Sito Web e gli eventuali servizi terzi da essa utilizzati potrebbero raccogliere Log di sistema, ossia file che registrano le interazioni e che possono contenere anche Dati Personali, quali l\u2019indirizzo IP Utente.<\/p>\n\n\n\n<h3 class=\"wp-block-heading\"><strong>Informazioni non contenute in questa policy<\/strong><\/h3>\n\n\n\n<p>Ulteriori informazioni in relazione al trattamento dei Dati Personali potranno essere richieste in qualsiasi momento al Titolare del Trattamento utilizzando gli estremi di contatto.<\/p>\n\n\n\n<h3 class=\"wp-block-heading\"><strong>Modifiche a questa privacy policy<\/strong><\/h3>\n\n\n\n<p>Il Titolare del Trattamento si riserva il diritto di apportare modifiche alla presente privacy policy in qualunque momento dandone informazione agli Utenti su questa pagina. Si prega dunque di consultare regolarmente questa pagina, prendendo come riferimento la data di ultima modifica indicata in fondo. Nel caso di mancata accettazione delle modifiche apportate alla presente privacy policy, l\u2019Utente \u00e8 tenuto a cessare l\u2019utilizzo di questo Sito Web e pu\u00f2 richiedere al Titolare del Trattamento di rimuovere i propri Dati Personali. Salvo quanto diversamente specificato, la precedente privacy policy continuer\u00e0 ad applicarsi ai Dati Personali sino a quel momento raccolti.<\/p>","protected":false},"excerpt":{"rendered":"<p>Chi sono L\u2019indirizzo del mio sito web \u00e8: https:\/\/www.ggdecorartist.com\/. Titolare del Trattamento dei Dati Giulia Gubernati \u2013 Torino, Italia. Indirizzo email del Titolare: giuliagubernati@gmail.com Per qualsiasi chiarimento, informazione, esercizio dei diritti elencati nella presente informativa, contattare il titolare alla seguente mail: giuliagubernati@gmail.com Quali dati personali raccogliamo e perch\u00e9 li raccogliamo Fra i Dati Personali raccolti [&hellip;]<\/p>\n","protected":false},"author":1,"featured_media":0,"parent":0,"menu_order":0,"comment_status":"closed","ping_status":"open","template":"","meta":{"_acf_changed":false,"footnotes":""},"class_list":["post-3","page","type-page","status-publish","hentry"],"acf":[],"_links":{"self":[{"href":"http:\/\/www.ggdecorartist.com\/en\/wp-json\/wp\/v2\/pages\/3","targetHints":{"allow":["GET"]}}],"collection":[{"href":"http:\/\/www.ggdecorartist.com\/en\/wp-json\/wp\/v2\/pages"}],"about":[{"href":"http:\/\/www.ggdecorartist.com\/en\/wp-json\/wp\/v2\/types\/page"}],"author":[{"embeddable":true,"href":"http:\/\/www.ggdecorartist.com\/en\/wp-json\/wp\/v2\/users\/1"}],"replies":[{"embeddable":true,"href":"http:\/\/www.ggdecorartist.com\/en\/wp-json\/wp\/v2\/comments?post=3"}],"version-history":[{"count":0,"href":"http:\/\/www.ggdecorartist.com\/en\/wp-json\/wp\/v2\/pages\/3\/revisions"}],"wp:attachment":[{"href":"http:\/\/www.ggdecorartist.com\/en\/wp-json\/wp\/v2\/media?parent=3"}],"curies":[{"name":"wp","href":"https:\/\/api.w.org\/{rel}","templated":true}]}}